{"id":932,"date":"2024-07-23T18:18:58","date_gmt":"2024-07-23T18:18:58","guid":{"rendered":"https:\/\/nksf2025.is\/?page_id=932"},"modified":"2025-05-07T22:05:45","modified_gmt":"2025-05-07T22:05:45","slug":"concerts-and-events","status":"publish","type":"page","link":"https:\/\/nksf2025.is\/fi\/concerts-and-events\/","title":{"rendered":"Konsertit ja tapahtumat"},"content":{"rendered":"<div data-elementor-type=\"wp-page\" data-elementor-id=\"932\" class=\"elementor elementor-932\" data-elementor-post-type=\"page\">\n\t\t\t\t<div class=\"elementor-element elementor-element-67e3d06 e-flex e-con-boxed e-con e-parent\" data-id=\"67e3d06\" data-element_type=\"container\">\n\t\t\t\t\t<div class=\"e-con-inner\">\n\t\t\t\t<div class=\"elementor-element elementor-element-6d70971 elementor-widget elementor-widget-text-editor\" data-id=\"6d70971\" data-element_type=\"widget\" data-widget_type=\"text-editor.default\">\n\t\t\t\t<div class=\"elementor-widget-container\">\n\t\t\t\t\t\t\t<p>\u00a0<\/p><p><span style=\"font-weight: 400;\">Pohjoismainen kirkkokuorofestivaali 2025 sis\u00e4lt\u00e4\u00e4 nelj\u00e4n festivaalip\u00e4iv\u00e4n aikana useita konsertteja ja tapahtumia. Alla on lis\u00e4tietoja t\u00e4m\u00e4n vuoden festivaalin konserteista, aktiviteeteista ja foorumeista.<\/span><\/p>\t\t\t\t\t\t<\/div>\n\t\t\t\t<\/div>\n\t\t\t\t<div class=\"elementor-element elementor-element-dcd0406 elementor-widget elementor-widget-image\" data-id=\"dcd0406\" data-element_type=\"widget\" data-widget_type=\"image.default\">\n\t\t\t\t<div class=\"elementor-widget-container\">\n\t\t\t\t\t\t\t\t\t\t\t\t\t<img fetchpriority=\"high\" decoding=\"async\" width=\"800\" height=\"534\" src=\"https:\/\/nksf2025.is\/wp-content\/uploads\/2024\/08\/HH1543-copy-1024x683.jpg\" class=\"attachment-large size-large wp-image-1240\" alt=\"\" srcset=\"https:\/\/nksf2025.is\/wp-content\/uploads\/2024\/08\/HH1543-copy-1024x683.jpg 1024w, https:\/\/nksf2025.is\/wp-content\/uploads\/2024\/08\/HH1543-copy-300x200.jpg 300w, https:\/\/nksf2025.is\/wp-content\/uploads\/2024\/08\/HH1543-copy-768x512.jpg 768w, https:\/\/nksf2025.is\/wp-content\/uploads\/2024\/08\/HH1543-copy-1536x1024.jpg 1536w, https:\/\/nksf2025.is\/wp-content\/uploads\/2024\/08\/HH1543-copy-2048x1365.jpg 2048w\" sizes=\"(max-width: 800px) 100vw, 800px\" \/>\t\t\t\t\t\t\t\t\t\t\t\t\t<\/div>\n\t\t\t\t<\/div>\n\t\t\t\t<div class=\"elementor-element elementor-element-c21bfe2 elementor-widget elementor-widget-toggle\" data-id=\"c21bfe2\" data-element_type=\"widget\" data-widget_type=\"toggle.default\">\n\t\t\t\t<div class=\"elementor-widget-container\">\n\t\t\t\t\t<div class=\"elementor-toggle\">\n\t\t\t\t\t\t\t<div class=\"elementor-toggle-item\">\n\t\t\t\t\t<div id=\"elementor-tab-title-2031\" class=\"elementor-tab-title\" data-tab=\"1\" role=\"button\" aria-controls=\"elementor-tab-content-2031\" aria-expanded=\"false\">\n\t\t\t\t\t\t\t\t\t\t\t\t<span class=\"elementor-toggle-icon elementor-toggle-icon-left\" aria-hidden=\"true\">\n\t\t\t\t\t\t\t\t\t\t\t\t\t\t\t<span class=\"elementor-toggle-icon-closed\"><svg class=\"e-font-icon-svg e-fas-caret-right\" viewbox=\"0 0 192 512\" xmlns=\"http:\/\/www.w3.org\/2000\/svg\"><path d=\"M0 384.662V127.338c0-17.818 21.543-26.741 34.142-14.142l128.662 128.662c7.81 7.81 7.81 20.474 0 28.284L34.142 398.804C21.543 411.404 0 402.48 0 384.662z\"><\/path><\/svg><\/span>\n\t\t\t\t\t\t\t\t<span class=\"elementor-toggle-icon-opened\"><svg class=\"elementor-toggle-icon-opened e-font-icon-svg e-fas-caret-up\" viewbox=\"0 0 320 512\" xmlns=\"http:\/\/www.w3.org\/2000\/svg\"><path d=\"M288.662 352H31.338c-17.818 0-26.741-21.543-14.142-34.142l128.662-128.662c7.81-7.81 20.474-7.81 28.284 0l128.662 128.662c12.6 12.599 3.676 34.142-14.142 34.142z\"><\/path><\/svg><\/span>\n\t\t\t\t\t\t\t\t\t\t\t\t\t<\/span>\n\t\t\t\t\t\t\t\t\t\t\t\t<a class=\"elementor-toggle-title\" tabindex=\"0\">29. toukokuuta - Avajaiskonsertti<\/a>\n\t\t\t\t\t<\/div>\n\n\t\t\t\t\t<div id=\"elementor-tab-content-2031\" class=\"elementor-tab-content elementor-clearfix\" data-tab=\"1\" role=\"region\" aria-labelledby=\"elementor-tab-title-2031\"><h6><b>Torstai 29. toukokuuta 2025<br \/>Aika: 20:00<\/b><br \/><b>Sijainti: \u00a0<\/b><span style=\"font-weight: bold; color: #333399;\"><a style=\"color: #333399;\" href=\"https:\/\/nksf2025.is\/fi\/venue\/\">Hallgr\u00edmskirkja Kirkko<\/a><\/span><\/h6><p>Avajaiskonsertissa kaksi Islannin merkitt\u00e4vint\u00e4 sekakuoroa, Hallgr\u00edmskirkjan kuoro ja Langholtskirkjan kuoro, esitt\u00e4v\u00e4t ohjelmiston, joka esittelee Islannin hienointa kuoromusiikkia.<\/p><p><span style=\"font-weight: 400;\">The<\/span> <u><b>Hallgr\u00edmskirkjan kuoro<\/b><\/u> <span style=\"font-weight: 400;\">perustettiin syksyll\u00e4 2021. Kuoroon kuuluu noin 55 laulajaa, jotka laulavat sek\u00e4 jumalanpalveluksissa ett\u00e4 konserteissa Hallgr\u00edmskirkassa. Kuorolla on laaja ohjelmisto, ja se on panostanut uuden islantilaisen kuoromusiikin edist\u00e4miseen. Hallgr\u00edmskirkjan kuoro on perustamisensa j\u00e4lkeen tilannut ja kantaesitt\u00e4nyt 11 uutta teosta islantilaisilta s\u00e4velt\u00e4jilt\u00e4. Kuoro on esiintynyt Islannin sinfoniaorkesterin kanssa, ja sill\u00e4 on hedelm\u00e4llinen yhteisty\u00f6 Br\u00e1k Baroque Ensemblen sek\u00e4 Reykjavikin kamariorkesterin kanssa. Steinar Logi Helgason on Hallgr\u00edmskirkjan kuoron kapellimestari.<\/span><\/p><p><strong><span style=\"text-decoration: underline;\">Bj\u00f6rn Steinar S\u00f3lbergsson<\/span><\/strong>, Hallgr\u00edmskirkja - Reykjav\u00edkin urkuri ja musiikkijohtaja, syntyi Akranesissa, L\u00e4nsi-Islannissa vuonna 1961. Vuonna 1981 h\u00e4n suoritti opintonsa Kansankirkon musiikkikoulussa p\u00e4\u00e4aineenaan urut, mink\u00e4 j\u00e4lkeen h\u00e4n opiskeli vuoden ajan Islannissa.<br \/>Rooma James E. Go\u00ebttschen kanssa. Sen j\u00e4lkeen Bj\u00f6rn Steinar muutti Ranskaan, jossa h\u00e4n opiskeli<br \/>Susan Landalen kanssa Conservatoire National de Musique de Rueil Malmaisonissa ja<br \/>sai Prix de Virtuosit\u00e9n kes\u00e4ll\u00e4 1986.<br \/>Samana vuonna h\u00e4net nimitettiin urkuriksi Akureyrin kirkkoon Pohjois-Islantiin, jossa h\u00e4n toimi<br \/>tuli hyvin aktiiviseksi Akureyrin musiikkiel\u00e4m\u00e4ss\u00e4.<\/p><p>Syksyll\u00e4 2006 h\u00e4net nimitettiin Reykjavikin Hallgr\u00edmschirkin urkuriksi. H\u00e4n my\u00f6s opettaa urkuja Reykjavikin kirkkomusiikkikoulussa ja Islannin taideyliopistossa.<br \/>Bj\u00f6rn Steinar soittaa urkumusiikkia kaikilta aikakausilta sek\u00e4 islantilaista urkumusiikkia.<br \/>skandinaavisten kansanlaulujen ja -tanssien sovituksia.<br \/>H\u00e4nen urku- ja kuoromusiikkitallenteitaan on julkaistu useilla CD-levyill\u00e4 ja levyill\u00e4.<br \/>l\u00e4hetet\u00e4\u00e4n Islannin valtion radiossa ja televisiossa.<br \/>H\u00e4n sai DV-kulttuuripalkinnon vuonna 1999 ja Islannin Optimismipalkinnon vuonna 2001.<br \/>ja h\u00e4n on Akureyrin vuoden 2002 taiteilija. Taiteilijan kunniapalkka vuosina 1999 ja 2015.<br \/>Bj\u00f6rn Steinar on konsertoinut ymp\u00e4ri Eurooppaa, Yhdysvalloissa, Kanadassa ja kaikissa Pohjoismaissa.<br \/>maissa ja esiintynyt solistina Islannin sinfoniaorkesterin, Islantilaisen<br \/>Akureyrin kamariorkesteri, Stavangerin sinfoniaorkesteri ja Cleveland Institute.<br \/>Musiikkiorkesteri. \u00a0<\/p><p><span style=\"font-weight: 400;\"><br \/><a href=\"https:\/\/nksf2025.is\/wp-content\/uploads\/2025\/05\/Bjorn-steinar.png\"><img decoding=\"async\" class=\"alignnone size-medium wp-image-1445\" src=\"https:\/\/nksf2025.is\/wp-content\/uploads\/2025\/05\/Bjorn-steinar-300x300.png\" alt=\"\" width=\"300\" height=\"300\" srcset=\"https:\/\/nksf2025.is\/wp-content\/uploads\/2025\/05\/Bjorn-steinar-300x300.png 300w, https:\/\/nksf2025.is\/wp-content\/uploads\/2025\/05\/Bjorn-steinar-150x150.png 150w, https:\/\/nksf2025.is\/wp-content\/uploads\/2025\/05\/Bjorn-steinar-768x768.png 768w, https:\/\/nksf2025.is\/wp-content\/uploads\/2025\/05\/Bjorn-steinar-12x12.png 12w, https:\/\/nksf2025.is\/wp-content\/uploads\/2025\/05\/Bjorn-steinar.png 786w\" sizes=\"(max-width: 300px) 100vw, 300px\" \/><\/a><br \/><\/span><\/p><p><img decoding=\"async\" class=\"alignnone size-medium wp-image-1245\" src=\"https:\/\/nksf2025.is\/wp-content\/uploads\/2024\/08\/SPS-KorHallgrimskirkjujpg-1-300x200.jpg\" alt=\"K\u00f3r Hallgr\u00edmskirkju\" width=\"300\" height=\"200\" srcset=\"https:\/\/nksf2025.is\/wp-content\/uploads\/2024\/08\/SPS-KorHallgrimskirkjujpg-1-300x200.jpg 300w, https:\/\/nksf2025.is\/wp-content\/uploads\/2024\/08\/SPS-KorHallgrimskirkjujpg-1-1024x683.jpg 1024w, https:\/\/nksf2025.is\/wp-content\/uploads\/2024\/08\/SPS-KorHallgrimskirkjujpg-1-768x512.jpg 768w, https:\/\/nksf2025.is\/wp-content\/uploads\/2024\/08\/SPS-KorHallgrimskirkjujpg-1-1536x1024.jpg 1536w, https:\/\/nksf2025.is\/wp-content\/uploads\/2024\/08\/SPS-KorHallgrimskirkjujpg-1-2048x1365.jpg 2048w\" sizes=\"(max-width: 300px) 100vw, 300px\" \/><\/p><\/div>\n\t\t\t\t<\/div>\n\t\t\t\t\t\t\t<div class=\"elementor-toggle-item\">\n\t\t\t\t\t<div id=\"elementor-tab-title-2032\" class=\"elementor-tab-title\" data-tab=\"2\" role=\"button\" aria-controls=\"elementor-tab-content-2032\" aria-expanded=\"false\">\n\t\t\t\t\t\t\t\t\t\t\t\t<span class=\"elementor-toggle-icon elementor-toggle-icon-left\" aria-hidden=\"true\">\n\t\t\t\t\t\t\t\t\t\t\t\t\t\t\t<span class=\"elementor-toggle-icon-closed\"><svg class=\"e-font-icon-svg e-fas-caret-right\" viewbox=\"0 0 192 512\" xmlns=\"http:\/\/www.w3.org\/2000\/svg\"><path d=\"M0 384.662V127.338c0-17.818 21.543-26.741 34.142-14.142l128.662 128.662c7.81 7.81 7.81 20.474 0 28.284L34.142 398.804C21.543 411.404 0 402.48 0 384.662z\"><\/path><\/svg><\/span>\n\t\t\t\t\t\t\t\t<span class=\"elementor-toggle-icon-opened\"><svg class=\"elementor-toggle-icon-opened e-font-icon-svg e-fas-caret-up\" viewbox=\"0 0 320 512\" xmlns=\"http:\/\/www.w3.org\/2000\/svg\"><path d=\"M288.662 352H31.338c-17.818 0-26.741-21.543-14.142-34.142l128.662-128.662c7.81-7.81 20.474-7.81 28.284 0l128.662 128.662c12.6 12.599 3.676 34.142-14.142 34.142z\"><\/path><\/svg><\/span>\n\t\t\t\t\t\t\t\t\t\t\t\t\t<\/span>\n\t\t\t\t\t\t\t\t\t\t\t\t<a class=\"elementor-toggle-title\" tabindex=\"0\">30. toukokuuta - Aamurukous<\/a>\n\t\t\t\t\t<\/div>\n\n\t\t\t\t\t<div id=\"elementor-tab-content-2032\" class=\"elementor-tab-content elementor-clearfix\" data-tab=\"2\" role=\"region\" aria-labelledby=\"elementor-tab-title-2032\"><p><b>Perjantai 30. toukokuuta 2025<br \/>Aika: 8:30\u00a0<br \/>Sijainti:\u00a0 <span style=\"text-decoration: underline; color: #000080;\"><a style=\"color: #000080; text-decoration: underline;\" href=\"https:\/\/nksf2025.is\/fi\/venue\/\" target=\"_blank\" rel=\"noopener\">Hallgr\u00edmskirkja Kirkko<\/a><\/span><br \/>\"Laudes \"gregoriaaninen laulu Schola Solensiksen kanssa - Norja<\/b><\/p><p><span style=\"font-weight: 400;\">Lausu aamurukous p\u00e4iv\u00e4n aluksi. Perjantaiaamun rukouksen johtavat norjalaiset osallistujat, ja se on laulettu laulutyylill\u00e4.<\/span><\/p><p><img loading=\"lazy\" decoding=\"async\" class=\"alignnone size-medium wp-image-1247\" src=\"https:\/\/nksf2025.is\/wp-content\/uploads\/2024\/08\/Schola-Solensis-300x200.jpeg\" alt=\"Schola Solensis\" width=\"300\" height=\"200\" srcset=\"https:\/\/nksf2025.is\/wp-content\/uploads\/2024\/08\/Schola-Solensis-300x200.jpeg 300w, https:\/\/nksf2025.is\/wp-content\/uploads\/2024\/08\/Schola-Solensis-1024x683.jpeg 1024w, https:\/\/nksf2025.is\/wp-content\/uploads\/2024\/08\/Schola-Solensis-768x512.jpeg 768w, https:\/\/nksf2025.is\/wp-content\/uploads\/2024\/08\/Schola-Solensis.jpeg 1500w\" sizes=\"(max-width: 300px) 100vw, 300px\" \/><\/p><\/div>\n\t\t\t\t<\/div>\n\t\t\t\t\t\t\t<div class=\"elementor-toggle-item\">\n\t\t\t\t\t<div id=\"elementor-tab-title-2033\" class=\"elementor-tab-title\" data-tab=\"3\" role=\"button\" aria-controls=\"elementor-tab-content-2033\" aria-expanded=\"false\">\n\t\t\t\t\t\t\t\t\t\t\t\t<span class=\"elementor-toggle-icon elementor-toggle-icon-left\" aria-hidden=\"true\">\n\t\t\t\t\t\t\t\t\t\t\t\t\t\t\t<span class=\"elementor-toggle-icon-closed\"><svg class=\"e-font-icon-svg e-fas-caret-right\" viewbox=\"0 0 192 512\" xmlns=\"http:\/\/www.w3.org\/2000\/svg\"><path d=\"M0 384.662V127.338c0-17.818 21.543-26.741 34.142-14.142l128.662 128.662c7.81 7.81 7.81 20.474 0 28.284L34.142 398.804C21.543 411.404 0 402.48 0 384.662z\"><\/path><\/svg><\/span>\n\t\t\t\t\t\t\t\t<span class=\"elementor-toggle-icon-opened\"><svg class=\"elementor-toggle-icon-opened e-font-icon-svg e-fas-caret-up\" viewbox=\"0 0 320 512\" xmlns=\"http:\/\/www.w3.org\/2000\/svg\"><path d=\"M288.662 352H31.338c-17.818 0-26.741-21.543-14.142-34.142l128.662-128.662c7.81-7.81 20.474-7.81 28.284 0l128.662 128.662c12.6 12.599 3.676 34.142-14.142 34.142z\"><\/path><\/svg><\/span>\n\t\t\t\t\t\t\t\t\t\t\t\t\t<\/span>\n\t\t\t\t\t\t\t\t\t\t\t\t<a class=\"elementor-toggle-title\" tabindex=\"0\">30. toukokuuta - Festivaalikonsertti <\/a>\n\t\t\t\t\t<\/div>\n\n\t\t\t\t\t<div id=\"elementor-tab-content-2033\" class=\"elementor-tab-content elementor-clearfix\" data-tab=\"3\" role=\"region\" aria-labelledby=\"elementor-tab-title-2033\"><p><b>Perjantai 30. toukokuuta 2025<br \/><\/b><b>Aika: 20:00<br \/><\/b><b>Sijainti: <span style=\"text-decoration: underline; color: #000080;\"><a style=\"color: #000080;\" href=\"https:\/\/nksf2025.is\/fi\/venue\/\" target=\"_blank\" rel=\"noopener\">Hallgr\u00edmskirkja Kirkko<\/a><\/span><\/b><\/p><p>T\u00e4ss\u00e4 konsertissa osallistuvat kuorot esitt\u00e4v\u00e4t monipuolista ohjelmistoa:<\/p><p>Sankta Helena kyrkok\u00f6r<br \/>Slettebakken motettkor, Udlandskoret og Cantus Skjold<br \/>Sct. Severin kirkes kor<br \/>Helsinki Gospel<\/p><p>.<\/p><p><img loading=\"lazy\" decoding=\"async\" class=\"alignnone size-medium wp-image-1254 alignleft\" src=\"https:\/\/nksf2025.is\/wp-content\/uploads\/2024\/08\/HH2236-copy-1-300x223.jpg\" alt=\"\" width=\"300\" height=\"223\" srcset=\"https:\/\/nksf2025.is\/wp-content\/uploads\/2024\/08\/HH2236-copy-1-300x223.jpg 300w, https:\/\/nksf2025.is\/wp-content\/uploads\/2024\/08\/HH2236-copy-1-1024x760.jpg 1024w, https:\/\/nksf2025.is\/wp-content\/uploads\/2024\/08\/HH2236-copy-1-768x570.jpg 768w, https:\/\/nksf2025.is\/wp-content\/uploads\/2024\/08\/HH2236-copy-1-1536x1140.jpg 1536w, https:\/\/nksf2025.is\/wp-content\/uploads\/2024\/08\/HH2236-copy-1-2048x1520.jpg 2048w\" sizes=\"(max-width: 300px) 100vw, 300px\" \/>\u00a0<\/p><\/div>\n\t\t\t\t<\/div>\n\t\t\t\t\t\t\t<div class=\"elementor-toggle-item\">\n\t\t\t\t\t<div id=\"elementor-tab-title-2034\" class=\"elementor-tab-title\" data-tab=\"4\" role=\"button\" aria-controls=\"elementor-tab-content-2034\" aria-expanded=\"false\">\n\t\t\t\t\t\t\t\t\t\t\t\t<span class=\"elementor-toggle-icon elementor-toggle-icon-left\" aria-hidden=\"true\">\n\t\t\t\t\t\t\t\t\t\t\t\t\t\t\t<span class=\"elementor-toggle-icon-closed\"><svg class=\"e-font-icon-svg e-fas-caret-right\" viewbox=\"0 0 192 512\" xmlns=\"http:\/\/www.w3.org\/2000\/svg\"><path d=\"M0 384.662V127.338c0-17.818 21.543-26.741 34.142-14.142l128.662 128.662c7.81 7.81 7.81 20.474 0 28.284L34.142 398.804C21.543 411.404 0 402.48 0 384.662z\"><\/path><\/svg><\/span>\n\t\t\t\t\t\t\t\t<span class=\"elementor-toggle-icon-opened\"><svg class=\"elementor-toggle-icon-opened e-font-icon-svg e-fas-caret-up\" viewbox=\"0 0 320 512\" xmlns=\"http:\/\/www.w3.org\/2000\/svg\"><path d=\"M288.662 352H31.338c-17.818 0-26.741-21.543-14.142-34.142l128.662-128.662c7.81-7.81 20.474-7.81 28.284 0l128.662 128.662c12.6 12.599 3.676 34.142-14.142 34.142z\"><\/path><\/svg><\/span>\n\t\t\t\t\t\t\t\t\t\t\t\t\t<\/span>\n\t\t\t\t\t\t\t\t\t\t\t\t<a class=\"elementor-toggle-title\" tabindex=\"0\">31. toukokuuta - Aamurukous<\/a>\n\t\t\t\t\t<\/div>\n\n\t\t\t\t\t<div id=\"elementor-tab-content-2034\" class=\"elementor-tab-content elementor-clearfix\" data-tab=\"4\" role=\"region\" aria-labelledby=\"elementor-tab-title-2034\"><p><b>Lauantai 31. toukokuuta 2025<br \/><\/b><b>Aika: 8:30<br \/><\/b><b>Sijainti:\u00a0<span style=\"text-decoration: underline; color: #000080;\"><a style=\"color: #000080; text-decoration: underline;\" href=\"https:\/\/nksf2025.is\/fi\/venue\/\" target=\"_blank\" rel=\"noopener\"> Hallgr\u00edmskirkja Kirkko<\/a><\/span><br \/><\/b><b>Ryhm\u00e4n johtaminen<\/b><b><i> Force Machaut<\/i><\/b><b> Ahvenanmaalta<\/b><\/p><p><img loading=\"lazy\" decoding=\"async\" class=\"alignnone size-medium wp-image-1255\" src=\"https:\/\/nksf2025.is\/wp-content\/uploads\/2024\/08\/Force-Machaut-300x225.jpeg\" alt=\"\" width=\"300\" height=\"225\" srcset=\"https:\/\/nksf2025.is\/wp-content\/uploads\/2024\/08\/Force-Machaut-300x225.jpeg 300w, https:\/\/nksf2025.is\/wp-content\/uploads\/2024\/08\/Force-Machaut-1024x768.jpeg 1024w, https:\/\/nksf2025.is\/wp-content\/uploads\/2024\/08\/Force-Machaut-768x576.jpeg 768w, https:\/\/nksf2025.is\/wp-content\/uploads\/2024\/08\/Force-Machaut-1536x1152.jpeg 1536w, https:\/\/nksf2025.is\/wp-content\/uploads\/2024\/08\/Force-Machaut.jpeg 2048w\" sizes=\"(max-width: 300px) 100vw, 300px\" \/><\/p><\/div>\n\t\t\t\t<\/div>\n\t\t\t\t\t\t\t<div class=\"elementor-toggle-item\">\n\t\t\t\t\t<div id=\"elementor-tab-title-2035\" class=\"elementor-tab-title\" data-tab=\"5\" role=\"button\" aria-controls=\"elementor-tab-content-2035\" aria-expanded=\"false\">\n\t\t\t\t\t\t\t\t\t\t\t\t<span class=\"elementor-toggle-icon elementor-toggle-icon-left\" aria-hidden=\"true\">\n\t\t\t\t\t\t\t\t\t\t\t\t\t\t\t<span class=\"elementor-toggle-icon-closed\"><svg class=\"e-font-icon-svg e-fas-caret-right\" viewbox=\"0 0 192 512\" xmlns=\"http:\/\/www.w3.org\/2000\/svg\"><path d=\"M0 384.662V127.338c0-17.818 21.543-26.741 34.142-14.142l128.662 128.662c7.81 7.81 7.81 20.474 0 28.284L34.142 398.804C21.543 411.404 0 402.48 0 384.662z\"><\/path><\/svg><\/span>\n\t\t\t\t\t\t\t\t<span class=\"elementor-toggle-icon-opened\"><svg class=\"elementor-toggle-icon-opened e-font-icon-svg e-fas-caret-up\" viewbox=\"0 0 320 512\" xmlns=\"http:\/\/www.w3.org\/2000\/svg\"><path d=\"M288.662 352H31.338c-17.818 0-26.741-21.543-14.142-34.142l128.662-128.662c7.81-7.81 20.474-7.81 28.284 0l128.662 128.662c12.6 12.599 3.676 34.142-14.142 34.142z\"><\/path><\/svg><\/span>\n\t\t\t\t\t\t\t\t\t\t\t\t\t<\/span>\n\t\t\t\t\t\t\t\t\t\t\t\t<a class=\"elementor-toggle-title\" tabindex=\"0\">31. toukokuuta - Workshop-konsertti<\/a>\n\t\t\t\t\t<\/div>\n\n\t\t\t\t\t<div id=\"elementor-tab-content-2035\" class=\"elementor-tab-content elementor-clearfix\" data-tab=\"5\" role=\"region\" aria-labelledby=\"elementor-tab-title-2035\"><p><b>Lauantai 31. toukokuuta 2025<br \/>Aika: 17:00<br \/>Sijainti: <span style=\"text-decoration: underline; color: #000080;\"><a style=\"color: #000080;\" href=\"https:\/\/nksf2025.is\/fi\/venue\/\" target=\"_blank\" rel=\"noopener\">Hallgr\u00edmskirkja Kirkko<\/a><\/span><\/b><\/p><p><span style=\"font-weight: 400;\">Konsertin aikana osallistujat esittelev\u00e4t ja esitt\u00e4v\u00e4t ty\u00f6pajoissa harjoiteltua musiikkia.<br \/><\/span><\/p><p><span style=\"color: #000000;\">Konsertissa esitell\u00e4\u00e4n monipuolisesti pohjoismaista kirkkomusiikkia.<\/span><\/p><p><span style=\"font-weight: 400;\">\u00a0\u00a0<\/span><\/p><\/div>\n\t\t\t\t<\/div>\n\t\t\t\t\t\t\t<div class=\"elementor-toggle-item\">\n\t\t\t\t\t<div id=\"elementor-tab-title-2036\" class=\"elementor-tab-title\" data-tab=\"6\" role=\"button\" aria-controls=\"elementor-tab-content-2036\" aria-expanded=\"false\">\n\t\t\t\t\t\t\t\t\t\t\t\t<span class=\"elementor-toggle-icon elementor-toggle-icon-left\" aria-hidden=\"true\">\n\t\t\t\t\t\t\t\t\t\t\t\t\t\t\t<span class=\"elementor-toggle-icon-closed\"><svg class=\"e-font-icon-svg e-fas-caret-right\" viewbox=\"0 0 192 512\" xmlns=\"http:\/\/www.w3.org\/2000\/svg\"><path d=\"M0 384.662V127.338c0-17.818 21.543-26.741 34.142-14.142l128.662 128.662c7.81 7.81 7.81 20.474 0 28.284L34.142 398.804C21.543 411.404 0 402.48 0 384.662z\"><\/path><\/svg><\/span>\n\t\t\t\t\t\t\t\t<span class=\"elementor-toggle-icon-opened\"><svg class=\"elementor-toggle-icon-opened e-font-icon-svg e-fas-caret-up\" viewbox=\"0 0 320 512\" xmlns=\"http:\/\/www.w3.org\/2000\/svg\"><path d=\"M288.662 352H31.338c-17.818 0-26.741-21.543-14.142-34.142l128.662-128.662c7.81-7.81 20.474-7.81 28.284 0l128.662 128.662c12.6 12.599 3.676 34.142-14.142 34.142z\"><\/path><\/svg><\/span>\n\t\t\t\t\t\t\t\t\t\t\t\t\t<\/span>\n\t\t\t\t\t\t\t\t\t\t\t\t<a class=\"elementor-toggle-title\" tabindex=\"0\">31. toukokuuta - Festivaalijuhlat<\/a>\n\t\t\t\t\t<\/div>\n\n\t\t\t\t\t<div id=\"elementor-tab-content-2036\" class=\"elementor-tab-content elementor-clearfix\" data-tab=\"6\" role=\"region\" aria-labelledby=\"elementor-tab-title-2036\"><p><b>Lauantai 31. toukokuuta 2025<br \/><\/b><b>Aika: 20:00<br \/><\/b><b>Sijainti: <\/b><span style=\"text-decoration: underline; color: #000080;\"><a style=\"color: #000080;\" href=\"https:\/\/nksf2025.is\/fi\/venue\/\" target=\"_blank\" rel=\"noopener\"><b>Nasa - sj\u00e1lfst\u00e6\u00f0issalur<\/b><\/a><\/span><\/p><p><span style=\"font-weight: 400;\">Tulkaa, kokoonnutaan yhteen, lauletaan ja juhlitaan!<\/span><\/p><p><span style=\"font-weight: 400;\">Festivaalin juhlat j\u00e4rjestet\u00e4\u00e4n Nasassa:<\/span><\/p><p><span style=\"font-weight: 400;\">Vuosien varrella sali on tunnettu eri nimill\u00e4 - alun perin rakennusta kutsuttiin Austurv\u00f6llurin itsen\u00e4isyyden taloksi, ja salilla on vahva yhteys islantilaiseen musiikkihistoriaan, sill\u00e4 siell\u00e4 j\u00e4rjestettiin konsertteja ja tansseja viime vuosisadan puoliv\u00e4list\u00e4 l\u00e4htien. My\u00f6hemmin siit\u00e4 tuli viihdytyspaikka Sigt\u00fan, ja viel\u00e4 my\u00f6hemmin siell\u00e4 toimi jonkin aikaa Nasa-viihdytyspaikka. Nyky\u00e4\u00e4n sali on kunnostettu huolellisesti, ja sen alkuper\u00e4ist\u00e4 ilmett\u00e4 on pyritty palauttamaan. kulttuurikeskus, jossa aiemmin toimi vuosia Islannin ooppera. Nautimme musiikkiesityksist\u00e4, ja kaikki tapahtumaan osallistuvat ovat tervetulleita soittamaan ja esiintym\u00e4\u00e4n lavalle.<\/span><\/p><p><img loading=\"lazy\" decoding=\"async\" class=\"alignnone wp-image-1403 size-medium\" src=\"https:\/\/nksf2025.is\/wp-content\/uploads\/2025\/03\/nasa--300x200.webp\" alt=\"\" width=\"300\" height=\"200\" srcset=\"https:\/\/nksf2025.is\/wp-content\/uploads\/2025\/03\/nasa--300x200.webp 300w, https:\/\/nksf2025.is\/wp-content\/uploads\/2025\/03\/nasa--1024x683.webp 1024w, https:\/\/nksf2025.is\/wp-content\/uploads\/2025\/03\/nasa--768x512.webp 768w, https:\/\/nksf2025.is\/wp-content\/uploads\/2025\/03\/nasa--1536x1024.webp 1536w, https:\/\/nksf2025.is\/wp-content\/uploads\/2025\/03\/nasa--2048x1365.webp 2048w, https:\/\/nksf2025.is\/wp-content\/uploads\/2025\/03\/nasa--18x12.webp 18w\" sizes=\"(max-width: 300px) 100vw, 300px\" \/><\/p><\/div>\n\t\t\t\t<\/div>\n\t\t\t\t\t\t\t<div class=\"elementor-toggle-item\">\n\t\t\t\t\t<div id=\"elementor-tab-title-2037\" class=\"elementor-tab-title\" data-tab=\"7\" role=\"button\" aria-controls=\"elementor-tab-content-2037\" aria-expanded=\"false\">\n\t\t\t\t\t\t\t\t\t\t\t\t<span class=\"elementor-toggle-icon elementor-toggle-icon-left\" aria-hidden=\"true\">\n\t\t\t\t\t\t\t\t\t\t\t\t\t\t\t<span class=\"elementor-toggle-icon-closed\"><svg class=\"e-font-icon-svg e-fas-caret-right\" viewbox=\"0 0 192 512\" xmlns=\"http:\/\/www.w3.org\/2000\/svg\"><path d=\"M0 384.662V127.338c0-17.818 21.543-26.741 34.142-14.142l128.662 128.662c7.81 7.81 7.81 20.474 0 28.284L34.142 398.804C21.543 411.404 0 402.48 0 384.662z\"><\/path><\/svg><\/span>\n\t\t\t\t\t\t\t\t<span class=\"elementor-toggle-icon-opened\"><svg class=\"elementor-toggle-icon-opened e-font-icon-svg e-fas-caret-up\" viewbox=\"0 0 320 512\" xmlns=\"http:\/\/www.w3.org\/2000\/svg\"><path d=\"M288.662 352H31.338c-17.818 0-26.741-21.543-14.142-34.142l128.662-128.662c7.81-7.81 20.474-7.81 28.284 0l128.662 128.662c12.6 12.599 3.676 34.142-14.142 34.142z\"><\/path><\/svg><\/span>\n\t\t\t\t\t\t\t\t\t\t\t\t\t<\/span>\n\t\t\t\t\t\t\t\t\t\t\t\t<a class=\"elementor-toggle-title\" tabindex=\"0\">01. kes\u00e4kuuta - Festivaalin messu<\/a>\n\t\t\t\t\t<\/div>\n\n\t\t\t\t\t<div id=\"elementor-tab-content-2037\" class=\"elementor-tab-content elementor-clearfix\" data-tab=\"7\" role=\"region\" aria-labelledby=\"elementor-tab-title-2037\"><p><b>Sunnuntai 1. kes\u00e4kuuta 2025<br \/><\/b><b>Aika: 11:00\u00a0<br \/><\/b><b>Sijainti: <span style=\"text-decoration: underline; color: #000080;\"><a style=\"color: #000080;\" href=\"https:\/\/nksf2025.is\/fi\/venue\/\" target=\"_blank\" rel=\"noopener\">Hallgr\u00edmskirkja Kirkko<\/a><\/span><\/b><\/p><p><span style=\"font-weight: 400;\">NKSF 2025 p\u00e4\u00e4ttyy upeaan messuun, jossa kaikki osallistujat osallistuvat musiikkiin ja jumalanpalvelukseen.<\/span><\/p><p>Islannin piispa Gu\u00f0r\u00fan Karls Helgud\u00f3ttir<br \/>Pastori Irma Sj\u00f6fn \u00d3skarsd\u00f3ttir<br \/>Bj\u00f6rn Steinar S\u00f3lbergsson, urkuri<br \/>Magn\u00fas Ragnarsson, kapellimestari<br \/>Langholtskirkon kuoro<br \/>Ty\u00f6pajojen vet\u00e4j\u00e4t ja osallistujat NKSF 2025:ss\u00e4<\/p><\/div>\n\t\t\t\t<\/div>\n\t\t\t\t\t\t\t\t<\/div>\n\t\t\t\t<\/div>\n\t\t\t\t<\/div>\n\t\t\t\t\t<\/div>\n\t\t\t\t<\/div>\n\t\t\t\t<\/div>","protected":false},"excerpt":{"rendered":"<p>\u00a0 Pohjoismainen kirkkokuorofestivaali 2025 sis\u00e4lt\u00e4\u00e4 nelj\u00e4n festivaalip\u00e4iv\u00e4n aikana useita konsertteja ja tapahtumia. Alla on lis\u00e4tietoja t\u00e4m\u00e4n vuoden festivaalin konserteista, aktiviteeteista ja foorumeista. 29. toukokuuta - Avajaiskonsertti Torstai 29. toukokuuta 2025Aika: 20:00Paikkakunta: Klo 20:00:  Hallgr\u00edmskirkja Kirkko Avajaiskonsertissa kaksi [...]<\/p>","protected":false},"author":2,"featured_media":0,"parent":0,"menu_order":0,"comment_status":"closed","ping_status":"closed","template":"","meta":{"_acf_changed":false,"footnotes":""},"class_list":["post-932","page","type-page","status-publish","hentry"],"acf":[],"_links":{"self":[{"href":"https:\/\/nksf2025.is\/fi\/wp-json\/wp\/v2\/pages\/932","targetHints":{"allow":["GET"]}}],"collection":[{"href":"https:\/\/nksf2025.is\/fi\/wp-json\/wp\/v2\/pages"}],"about":[{"href":"https:\/\/nksf2025.is\/fi\/wp-json\/wp\/v2\/types\/page"}],"author":[{"embeddable":true,"href":"https:\/\/nksf2025.is\/fi\/wp-json\/wp\/v2\/users\/2"}],"replies":[{"embeddable":true,"href":"https:\/\/nksf2025.is\/fi\/wp-json\/wp\/v2\/comments?post=932"}],"version-history":[{"count":130,"href":"https:\/\/nksf2025.is\/fi\/wp-json\/wp\/v2\/pages\/932\/revisions"}],"predecessor-version":[{"id":1470,"href":"https:\/\/nksf2025.is\/fi\/wp-json\/wp\/v2\/pages\/932\/revisions\/1470"}],"wp:attachment":[{"href":"https:\/\/nksf2025.is\/fi\/wp-json\/wp\/v2\/media?parent=932"}],"curies":[{"name":"wp","href":"https:\/\/api.w.org\/{rel}","templated":true}]}}